{"id":1520,"date":"2016-11-08T17:37:16","date_gmt":"2016-11-08T16:37:16","guid":{"rendered":"http:\/\/www.evolux.it\/?page_id=1520&#038;lang=de"},"modified":"2016-11-08T17:37:16","modified_gmt":"2016-11-08T16:37:16","slug":"prime","status":"publish","type":"page","link":"https:\/\/www.evolux.it\/de\/produkte\/prime\/","title":{"rendered":"Prime"},"content":{"rendered":"<div class=\"pprod prod1 nero\">\n<div class=\"contenuto\">\n<div class=\"meta-sx\">\n<h2><span class=\"evolux\">EVOLUX<\/span> Prime<br \/>\nFenster<\/h2>\n<p><span style=\"font-weight: 400;\">PRIME ist das erste Fenster \u201edas verschwindet\u201c aus der Linie EVOLUX ; sie wurde im Jahr 2003 entwickelt. Die Zarge besteht aus Aluminium und PVC und wird als Zarge bzw. Einbaukasten verwendet, das die Befestigung direkt an der \u00a0Mauerwand oder an irgend einer anderen Art von Wand erm\u00f6glicht. Deren Befestigung \u00a0kann entweder mittig in die Wand oder Innen wandb\u00fcndig \u00a0sein. Der Fl\u00fcgel der sich \u00f6ffnet besteht aus lamellares Okoum\u00e9 , das ein weiches und sehr dauerhaftes Holz ist und sich besonders an der Lackierung der Oberfl\u00e4che eignet . Der Fensterfl\u00fcgel hat ein Standard Glas das eine maximale Gesamtdicke von etwa 31mm hat; es kann in beliebigen Massen gefertigt werden , mit mehreren Fl\u00fcgeln zum \u00d6ffnen. Jene mit Sondermassen (im Fall von Gewichte h\u00f6her als 60 kg ungef\u00e4hr) sind mit der \u00a0WIND-WIDERST\u00c4NDIGE EVOLUX SCHARNIERE verf\u00fcgbar. Diese garantiert eine hohe Tragkraft und Sicherheit bei deren Benutzung.<\/span><br \/>\n<a class=\"pdfcat\" title=\"Serramenti filo muro e vetrate scorrevoli\" href=\"\/wp-content\/uploads\/EVOLUXPrime-Combo.pdf\"><img loading=\"lazy\" decoding=\"async\" class=\"alignleft wp-image-1001 size-full\" src=\"http:\/\/www.evolux.it\/wp-content\/uploads\/Pdf-icona.png\" alt=\"SCARICA IL CATALOGO\" width=\"50\" height=\"72\" \/><\/a><a class=\"linkfoto\" href=\"\/media\/\">KATALOG RUNTERLADEN\u00a0<\/a><\/p>\n<p><a class=\"linkfoto\" href=\"\/media\/\">SIEHE PHOTO-GALERIE<\/a><\/p>\n<\/div>\n<div class=\"meta-dx nero\"><img decoding=\"async\" class=\"aligncenter\" src=\"http:\/\/www.evolux.it\/wp-content\/uploads\/Prime-Evolux.jpg\" alt=\"Prime-Evolux\" \/><\/div>\n<div class=\"clearfix\">\n<hr \/>\n<\/div>\n<\/div>\n<\/div>\n<div class=\"pprod grigio3\"><img decoding=\"async\" class=\"alignnone\" src=\"http:\/\/www.evolux.it\/wp-content\/uploads\/EV1prime-finestra.jpg\" alt=\"EV1prime-finestra\" \/><a id=\"alzante-scorrevole-hs\" name=\"alzante-scorrevole-hs\"><\/a><\/div>\n<div class=\"pprod grigio2\">\n<div class=\"contenuto\">\n<div class=\"meta-dx grigio2\">\n<h2><span class=\"evolux\">EVOLUX<\/span> Prime<br \/>\nHS\u00a0Schiebe-Version<\/h2>\n<p><span style=\"font-weight: 400;\">HS SCHIEBE-VERSION ist die neue Version von Bleiglas-Schiebefenster, wo das feste Glas b\u00fcndig mit dem Fu\u00dfboden ein unbestrittenes Design-Mittel darstellt. \u00a0Daher ist es in der Lage, die Anspr\u00fcche \u00a0\u00a0an der Projekts- Innovation und an das \u00e4sthetische Minimalismus zu erf\u00fcllen. \u00a0Es \u00a0schafft eine moderne Umgebung her , wo der Raum zum Hauptdarsteller wird, in einer Kontinuit\u00e4ts-Situation zwischen dem Innen-und dem Au\u00dfenraum . <\/span><\/p>\n<p><span style=\"font-weight: 400;\">Das Hauptelement unseres Schiebefensters, im Sinne der Innovation, ist von der Aluminium und PVC Zarge dargestellt, die sich auf 4 Seiten entwickelt. Es stellt ein\u201c einzigartiges\u201c Bauelement dar, indem es die h\u00f6chste strukturelle Stabilit\u00e4t \u00a0an das Bestandteil erteilt, das weiter auf der Baustelle montiert wird; die daher gewonnene Vorteile f\u00fcr deren Montage sind einfach zu erkennen. <\/span><\/p>\n<p><span style=\"font-weight: 400;\">Das Glas-Bestandteil wird abh\u00e4ngig von den Glasmassen und das gew\u00fcnschte Ergebnis definiert . Es wird zum Hauptelement; \u00a0das Hebe-Schiebefenster wird dadurch ein strukturelles Element mit hoher Flexibilit\u00e4t zu den verschiedensten Zusammensetzungen. \u00a0<\/span><\/p>\n<p><a class=\"pdfcat\" title=\"Catalogo Serramenti filo muro e vetrate scorrevoli\" href=\"\/wp-content\/uploads\/HS-EVOLUX.pdf\"><img loading=\"lazy\" decoding=\"async\" class=\"alignleft wp-image-1001 size-full\" src=\"http:\/\/www.evolux.it\/wp-content\/uploads\/Pdf-icona.png\" alt=\"SCARICA IL CATALOGO\" width=\"50\" height=\"72\" \/>KATALOG RUNTERLADEN <\/a><\/p>\n<p><a class=\"pdfcat\" title=\"Catalogo Serramenti filo muro e vetrate scorrevoli\" href=\"\/wp-content\/uploads\/HS-EVOLUX.pdf\">SIEHE PHOTO-GALERIE<\/a><a class=\"linkfoto\" href=\"\/media\/#hs\"><img loading=\"lazy\" decoding=\"async\" class=\"alignleft size-full wp-image-1066\" src=\"http:\/\/www.evolux.it\/wp-content\/uploads\/foto-gallery.png\" alt=\"foto-gallery\" width=\"47\" height=\"36\" \/><\/a><\/p>\n<\/div>\n<div class=\"meta-sx grigio2\"><img loading=\"lazy\" decoding=\"async\" class=\"alignnone size-full wp-image-875\" src=\"http:\/\/www.evolux.it\/wp-content\/uploads\/Prime-HS-Evolux.jpg\" alt=\"Prime-HS-Evolux\" width=\"725\" height=\"1000\" srcset=\"https:\/\/www.evolux.it\/wp-content\/uploads\/Prime-HS-Evolux.jpg 725w, https:\/\/www.evolux.it\/wp-content\/uploads\/Prime-HS-Evolux-217x300.jpg 217w\" sizes=\"auto, (max-width: 725px) 100vw, 725px\" \/><\/div>\n<div class=\"clearfix\">\n<hr \/>\n<\/div>\n<\/div>\n<\/div>\n<div class=\"pprod grigio3\"><img decoding=\"async\" class=\"alignnone\" src=\"http:\/\/www.evolux.it\/wp-content\/uploads\/EV1prime-finiture.jpg\" alt=\"EV1prime-finiture\" \/><\/div>\n","protected":false},"excerpt":{"rendered":"<p>EVOLUX Prime Fenster PRIME ist das erste Fenster \u201edas verschwindet\u201c aus der Linie EVOLUX ; sie wurde im Jahr 2003 entwickelt. Die Zarge besteht aus Aluminium und PVC und wird als Zarge bzw. Einbaukasten verwendet, das die Befestigung direkt an der \u00a0Mauerwand oder an irgend einer anderen Art von Wand erm\u00f6glicht. Deren Befestigung \u00a0kann entweder [&hellip;]<\/p>\n","protected":false},"author":2,"featured_media":0,"parent":1500,"menu_order":0,"comment_status":"open","ping_status":"closed","template":"page-prodotti.php","meta":{"footnotes":""},"class_list":["post-1520","page","type-page","status-publish","hentry"],"yoast_head":"<!-- This site is optimized with the Yoast SEO plugin v22.6 - https:\/\/yoast.com\/wordpress\/plugins\/seo\/ -->\n<title>Prime - Evolux Infissi<\/title>\n<meta name=\"robots\" content=\"index, follow, max-snippet:-1, max-image-preview:large, max-video-preview:-1\" \/>\n<link rel=\"canonical\" href=\"https:\/\/www.evolux.it\/de\/produkte\/prime\/\" \/>\n<meta property=\"og:locale\" content=\"de_DE\" \/>\n<meta property=\"og:type\" content=\"article\" \/>\n<meta property=\"og:title\" content=\"Prime - Evolux Infissi\" \/>\n<meta property=\"og:description\" content=\"EVOLUX Prime Fenster PRIME ist das erste Fenster \u201edas verschwindet\u201c aus der Linie EVOLUX ; sie wurde im Jahr 2003 entwickelt. Die Zarge besteht aus Aluminium und PVC und wird als Zarge bzw. Einbaukasten verwendet, das die Befestigung direkt an der \u00a0Mauerwand oder an irgend einer anderen Art von Wand erm\u00f6glicht. Deren Befestigung \u00a0kann entweder [&hellip;]\" \/>\n<meta property=\"og:url\" content=\"https:\/\/www.evolux.it\/de\/produkte\/prime\/\" \/>\n<meta property=\"og:site_name\" content=\"Evolux Infissi\" \/>\n<meta property=\"og:image\" content=\"http:\/\/www.evolux.it\/wp-content\/uploads\/Pdf-icona.png\" \/>\n<meta name=\"twitter:card\" content=\"summary_large_image\" \/>\n<meta name=\"twitter:label1\" content=\"Gesch\u00e4tzte Lesezeit\" \/>\n\t<meta name=\"twitter:data1\" content=\"2\u00a0Minuten\" \/>\n<script type=\"application\/ld+json\" class=\"yoast-schema-graph\">{\"@context\":\"https:\/\/schema.org\",\"@graph\":[{\"@type\":\"WebPage\",\"@id\":\"https:\/\/www.evolux.it\/de\/produkte\/prime\/\",\"url\":\"https:\/\/www.evolux.it\/de\/produkte\/prime\/\",\"name\":\"Prime - Evolux Infissi\",\"isPartOf\":{\"@id\":\"https:\/\/www.evolux.it\/#website\"},\"primaryImageOfPage\":{\"@id\":\"https:\/\/www.evolux.it\/de\/produkte\/prime\/#primaryimage\"},\"image\":{\"@id\":\"https:\/\/www.evolux.it\/de\/produkte\/prime\/#primaryimage\"},\"thumbnailUrl\":\"http:\/\/www.evolux.it\/wp-content\/uploads\/Pdf-icona.png\",\"datePublished\":\"2016-11-08T16:37:16+00:00\",\"dateModified\":\"2016-11-08T16:37:16+00:00\",\"breadcrumb\":{\"@id\":\"https:\/\/www.evolux.it\/de\/produkte\/prime\/#breadcrumb\"},\"inLanguage\":\"de\",\"potentialAction\":[{\"@type\":\"ReadAction\",\"target\":[\"https:\/\/www.evolux.it\/de\/produkte\/prime\/\"]}]},{\"@type\":\"ImageObject\",\"inLanguage\":\"de\",\"@id\":\"https:\/\/www.evolux.it\/de\/produkte\/prime\/#primaryimage\",\"url\":\"http:\/\/www.evolux.it\/wp-content\/uploads\/Pdf-icona.png\",\"contentUrl\":\"http:\/\/www.evolux.it\/wp-content\/uploads\/Pdf-icona.png\"},{\"@type\":\"BreadcrumbList\",\"@id\":\"https:\/\/www.evolux.it\/de\/produkte\/prime\/#breadcrumb\",\"itemListElement\":[{\"@type\":\"ListItem\",\"position\":1,\"name\":\"Home\",\"item\":\"https:\/\/www.evolux.it\/\"},{\"@type\":\"ListItem\",\"position\":2,\"name\":\"Produkte\",\"item\":\"https:\/\/www.evolux.it\/de\/produkte\/\"},{\"@type\":\"ListItem\",\"position\":3,\"name\":\"Prime\"}]},{\"@type\":\"WebSite\",\"@id\":\"https:\/\/www.evolux.it\/#website\",\"url\":\"https:\/\/www.evolux.it\/\",\"name\":\"Evolux Infissi\",\"description\":\"Infissi filomuro tutto vetro\",\"potentialAction\":[{\"@type\":\"SearchAction\",\"target\":{\"@type\":\"EntryPoint\",\"urlTemplate\":\"https:\/\/www.evolux.it\/?s={search_term_string}\"},\"query-input\":\"required name=search_term_string\"}],\"inLanguage\":\"de\"}]}<\/script>\n<!-- \/ Yoast SEO plugin. -->","yoast_head_json":{"title":"Prime - Evolux Infissi","robots":{"index":"index","follow":"follow","max-snippet":"max-snippet:-1","max-image-preview":"max-image-preview:large","max-video-preview":"max-video-preview:-1"},"canonical":"https:\/\/www.evolux.it\/de\/produkte\/prime\/","og_locale":"de_DE","og_type":"article","og_title":"Prime - Evolux Infissi","og_description":"EVOLUX Prime Fenster PRIME ist das erste Fenster \u201edas verschwindet\u201c aus der Linie EVOLUX ; sie wurde im Jahr 2003 entwickelt. Die Zarge besteht aus Aluminium und PVC und wird als Zarge bzw. Einbaukasten verwendet, das die Befestigung direkt an der \u00a0Mauerwand oder an irgend einer anderen Art von Wand erm\u00f6glicht. Deren Befestigung \u00a0kann entweder [&hellip;]","og_url":"https:\/\/www.evolux.it\/de\/produkte\/prime\/","og_site_name":"Evolux Infissi","og_image":[{"url":"http:\/\/www.evolux.it\/wp-content\/uploads\/Pdf-icona.png"}],"twitter_card":"summary_large_image","twitter_misc":{"Gesch\u00e4tzte Lesezeit":"2\u00a0Minuten"},"schema":{"@context":"https:\/\/schema.org","@graph":[{"@type":"WebPage","@id":"https:\/\/www.evolux.it\/de\/produkte\/prime\/","url":"https:\/\/www.evolux.it\/de\/produkte\/prime\/","name":"Prime - Evolux Infissi","isPartOf":{"@id":"https:\/\/www.evolux.it\/#website"},"primaryImageOfPage":{"@id":"https:\/\/www.evolux.it\/de\/produkte\/prime\/#primaryimage"},"image":{"@id":"https:\/\/www.evolux.it\/de\/produkte\/prime\/#primaryimage"},"thumbnailUrl":"http:\/\/www.evolux.it\/wp-content\/uploads\/Pdf-icona.png","datePublished":"2016-11-08T16:37:16+00:00","dateModified":"2016-11-08T16:37:16+00:00","breadcrumb":{"@id":"https:\/\/www.evolux.it\/de\/produkte\/prime\/#breadcrumb"},"inLanguage":"de","potentialAction":[{"@type":"ReadAction","target":["https:\/\/www.evolux.it\/de\/produkte\/prime\/"]}]},{"@type":"ImageObject","inLanguage":"de","@id":"https:\/\/www.evolux.it\/de\/produkte\/prime\/#primaryimage","url":"http:\/\/www.evolux.it\/wp-content\/uploads\/Pdf-icona.png","contentUrl":"http:\/\/www.evolux.it\/wp-content\/uploads\/Pdf-icona.png"},{"@type":"BreadcrumbList","@id":"https:\/\/www.evolux.it\/de\/produkte\/prime\/#breadcrumb","itemListElement":[{"@type":"ListItem","position":1,"name":"Home","item":"https:\/\/www.evolux.it\/"},{"@type":"ListItem","position":2,"name":"Produkte","item":"https:\/\/www.evolux.it\/de\/produkte\/"},{"@type":"ListItem","position":3,"name":"Prime"}]},{"@type":"WebSite","@id":"https:\/\/www.evolux.it\/#website","url":"https:\/\/www.evolux.it\/","name":"Evolux Infissi","description":"Infissi filomuro tutto vetro","potentialAction":[{"@type":"SearchAction","target":{"@type":"EntryPoint","urlTemplate":"https:\/\/www.evolux.it\/?s={search_term_string}"},"query-input":"required name=search_term_string"}],"inLanguage":"de"}]}},"_links":{"self":[{"href":"https:\/\/www.evolux.it\/de\/wp-json\/wp\/v2\/pages\/1520","targetHints":{"allow":["GET"]}}],"collection":[{"href":"https:\/\/www.evolux.it\/de\/wp-json\/wp\/v2\/pages"}],"about":[{"href":"https:\/\/www.evolux.it\/de\/wp-json\/wp\/v2\/types\/page"}],"author":[{"embeddable":true,"href":"https:\/\/www.evolux.it\/de\/wp-json\/wp\/v2\/users\/2"}],"replies":[{"embeddable":true,"href":"https:\/\/www.evolux.it\/de\/wp-json\/wp\/v2\/comments?post=1520"}],"version-history":[{"count":1,"href":"https:\/\/www.evolux.it\/de\/wp-json\/wp\/v2\/pages\/1520\/revisions"}],"predecessor-version":[{"id":1521,"href":"https:\/\/www.evolux.it\/de\/wp-json\/wp\/v2\/pages\/1520\/revisions\/1521"}],"up":[{"embeddable":true,"href":"https:\/\/www.evolux.it\/de\/wp-json\/wp\/v2\/pages\/1500"}],"wp:attachment":[{"href":"https:\/\/www.evolux.it\/de\/wp-json\/wp\/v2\/media?parent=1520"}],"curies":[{"name":"wp","href":"https:\/\/api.w.org\/{rel}","templated":true}]}}