{"id":1559,"date":"2016-11-08T18:08:17","date_gmt":"2016-11-08T17:08:17","guid":{"rendered":"http:\/\/www.evolux.it\/?page_id=1559&#038;lang=fr"},"modified":"2017-01-26T17:39:55","modified_gmt":"2017-01-26T16:39:55","slug":"prime","status":"publish","type":"page","link":"https:\/\/www.evolux.it\/fr\/produits\/prime\/","title":{"rendered":"Prime"},"content":{"rendered":"<div class=\"pprod prod1 nero\">\n<div class=\"contenuto\">\n<div class=\"meta-sx\">\n<h2><span class=\"evolux\">EVOLUX<\/span> Prime<br \/>\nFen\u00eatre<\/h2>\n<p><span style=\"font-weight: 400;\">PRIME est la premi\u00e8re fen\u00eatre qui dispara\u00eet que fait partie de la gamme EVOLUX developp\u00e9e en 2003 . Cette gamme inclut des fermetures et des fen\u00eatres \u00e0 fleur du mur et coulissantes. Son cadre en alluminium et pvc est utiliz\u00e9 comme cadre\/caisson \u00e0 fixer directement \u00e0 la ma\u00e7onnerie ou \u00e0 chaque typologie de mur; au milieu du mur ou \u00e0 fleur du mur \u00e0 l\u2019int\u00e9rieur.<\/span><\/p>\n<p><span style=\"font-weight: 400;\">Le volet que s\u2019ouvre est produit en okoum\u00e9 lamell\u00e9; il s\u2019agit d\u2019une essence duttile avec une haute durabilit\u00e9 qui s\u2019adapte particuli\u00e8rement aux finitions laqu\u00e9es. <\/span><\/p>\n<p><span style=\"font-weight: 400;\">Chaque fen\u00eatre et porte-fen\u00eatre ont un verre \u00e0 une chambre avec \u00e9paisseur maximale totale de 31mm environ; on peut la produire en toutes les mesures et avec plusieures volets qui s\u2019ouvrent. Les volets tr\u00e8s grands (pesant plus de 60 kg environ) sont disponibles avec la CHARNIERE \u00a0PROT\u00c9GEANTE DU VENT \u00a0EVOLUX avec la garantie d\u2019une haute capacit\u00e9 portante \u00a0et de la s\u00e9curit\u00e9 dans son utilization. <\/span><br \/>\n<a class=\"pdfcat\" title=\"Serramenti filo muro e vetrate scorrevoli\" href=\"\/wp-content\/uploads\/EVOLUXPrime-Combo.pdf\"><img loading=\"lazy\" decoding=\"async\" class=\"alignleft wp-image-1001 size-full\" src=\"http:\/\/www.evolux.it\/wp-content\/uploads\/Pdf-icona.png\" alt=\"SCARICA IL CATALOGO\" width=\"50\" height=\"72\" \/><\/a><\/p>\n<p><a href=\"\/wp-content\/uploads\/HS-EVOLUX.pdf\"><span style=\"font-weight: 400;\">T\u00c9L\u00c9CHARGER LE CATALOGUE<\/span><\/a><\/p>\n<div class=\"clearfix\">\n<hr \/>\n<\/div>\n<p><a href=\"http:\/\/www.evolux.it\/media\/#hs\"><span style=\"font-weight: 400;\"><img loading=\"lazy\" decoding=\"async\" class=\"alignleft size-full wp-image-1066\" src=\"http:\/\/www.evolux.it\/wp-content\/uploads\/foto-gallery.png\" alt=\"foto-gallery\" width=\"47\" height=\"36\" \/>REGARDEZ LA GALERIE PHOTOGRAPHIQUE<\/span><\/a><\/p>\n<p><a class=\"pdfcat\" title=\"Serramenti filo muro e vetrate scorrevoli\" href=\"\/wp-content\/uploads\/EVOLUXPrime-Combo.pdf\">\u00a0<\/a><\/p>\n<\/div>\n<div class=\"meta-dx nero\"><img decoding=\"async\" class=\"aligncenter\" src=\"http:\/\/www.evolux.it\/wp-content\/uploads\/Prime-Evolux.jpg\" alt=\"Prime-Evolux\" \/><\/div>\n<div class=\"clearfix\">\n<hr \/>\n<\/div>\n<\/div>\n<\/div>\n<div class=\"pprod grigio3\"><img decoding=\"async\" class=\"alignnone\" src=\"http:\/\/www.evolux.it\/wp-content\/uploads\/EV1prime-finestra.jpg\" alt=\"EV1prime-finestra\" \/><a id=\"alzante-scorrevole-hs\" name=\"alzante-scorrevole-hs\"><\/a><\/div>\n<div class=\"pprod grigio2\">\n<div class=\"contenuto\">\n<div class=\"meta-dx grigio2\">\n<h2><span class=\"evolux\">EVOLUX<\/span> Prime<br \/>\nHS\u00a0Coulissante<\/h2>\n<p><span style=\"font-weight: 400;\">HS COULISSANTE PRIME est la nouvelle solution de vitraux coulissants, o\u00f9 le verre fix \u00e0 fleur du sol fait de la solution coulissante \u00e0 soulever un moyen incontest\u00e9 de design. Cela est en mesure de sathisfaire le besoin de innovation dans la conception et du minimalisme esth\u00e9tique. Il va cr\u00e9er des milieux modernes o\u00f9 l\u2019\u00e9space devient le protagoniste dans une solution de continuit\u00e9 entre l\u2019int\u00e9rieur et l\u2019ext\u00e9rieur .<\/span><\/p>\n<p><span style=\"font-weight: 400;\">L\u2019\u00e9l\u00e9ment principale de l\u2019innovation sur n\u00f4tre fen\u00eatre coulissante est le cadre en alluminium et pvc developp\u00e9 sur les 4 c\u00f4t\u00e9es. \u00c7a repr\u00e9sent une characteristique de construction \u201cunique\u201d , due \u00e0 sa capacit\u00e9 de donner la maximale stabilit\u00e9 structurelle \u00e0 l\u2019\u00e9l\u00e9ment \u00e0 installer dans le chantier. Les avantages sur les travaux d\u2019installation sont facilement \u00e0 imaginer. <\/span><\/p>\n<p><span style=\"font-weight: 400;\">La typologie du verre est definie selon les mesures du vitrail et selon le r\u00e9sultat qu\u2019on veut obtenir. Le verre devient l\u2019acteur principale et fait de la solution coulissante \u00e0 soulever un \u00e9l\u00e9ment structurel avec une haute flexibilit\u00e9 dans sa possibilit\u00e9 de composition.<\/span><\/p>\n<p><a class=\"pdfcat\" title=\"Catalogo Serramenti filo muro e vetrate scorrevoli\" href=\"\/wp-content\/uploads\/HS-EVOLUX.pdf\"><img loading=\"lazy\" decoding=\"async\" class=\"alignleft wp-image-1001 size-full\" src=\"http:\/\/www.evolux.it\/wp-content\/uploads\/Pdf-icona.png\" alt=\"SCARICA IL CATALOGO\" width=\"50\" height=\"72\" \/><\/a><\/p>\n<p><a href=\"\/wp-content\/uploads\/HS-EVOLUX.pdf\"><span style=\"font-weight: 400;\">T\u00c9L\u00c9CHARGER LE CATALOGUE<\/span><\/a><\/p>\n<p><span style=\"font-weight: 400;\"><a href=\"\/media\/#hs\">R<\/a><a class=\"linkfoto\" href=\"\/media\/#hs\"><img loading=\"lazy\" decoding=\"async\" class=\"alignleft size-full wp-image-1066\" src=\"http:\/\/www.evolux.it\/wp-content\/uploads\/foto-gallery.png\" alt=\"foto-gallery\" width=\"47\" height=\"36\" \/><\/a><a href=\"\/media\/#hs\">EGARDEZ LA GALERIE PHOTOGRAPHIQUE<\/a> <\/span><\/p>\n<p>&nbsp;<\/p>\n<\/div>\n<div class=\"meta-sx grigio2\"><img loading=\"lazy\" decoding=\"async\" class=\"size-full wp-image-875 aligncenter\" src=\"http:\/\/www.evolux.it\/wp-content\/uploads\/Prime-HS-Evolux.jpg\" alt=\"Prime-HS-Evolux\" width=\"725\" height=\"1000\" srcset=\"https:\/\/www.evolux.it\/wp-content\/uploads\/Prime-HS-Evolux.jpg 725w, https:\/\/www.evolux.it\/wp-content\/uploads\/Prime-HS-Evolux-217x300.jpg 217w\" sizes=\"auto, (max-width: 725px) 100vw, 725px\" \/><\/div>\n<div class=\"clearfix\">\n<hr \/>\n<\/div>\n<\/div>\n<\/div>\n<div class=\"pprod grigio3\"><img decoding=\"async\" class=\"alignnone\" src=\"http:\/\/www.evolux.it\/wp-content\/uploads\/EV1prime-finiture.jpg\" alt=\"EV1prime-finiture\" \/><\/div>\n","protected":false},"excerpt":{"rendered":"<p>EVOLUX Prime Fen\u00eatre PRIME est la premi\u00e8re fen\u00eatre qui dispara\u00eet que fait partie de la gamme EVOLUX developp\u00e9e en 2003 . Cette gamme inclut des fermetures et des fen\u00eatres \u00e0 fleur du mur et coulissantes. Son cadre en alluminium et pvc est utiliz\u00e9 comme cadre\/caisson \u00e0 fixer directement \u00e0 la ma\u00e7onnerie ou \u00e0 chaque typologie [&hellip;]<\/p>\n","protected":false},"author":2,"featured_media":0,"parent":1539,"menu_order":0,"comment_status":"open","ping_status":"closed","template":"page-prodotti.php","meta":{"footnotes":""},"class_list":["post-1559","page","type-page","status-publish","hentry"],"yoast_head":"<!-- This site is optimized with the Yoast SEO plugin v22.6 - https:\/\/yoast.com\/wordpress\/plugins\/seo\/ -->\n<title>Prime - Evolux Infissi<\/title>\n<meta name=\"robots\" content=\"index, follow, max-snippet:-1, max-image-preview:large, max-video-preview:-1\" \/>\n<link rel=\"canonical\" href=\"https:\/\/www.evolux.it\/fr\/produits\/prime\/\" \/>\n<meta property=\"og:locale\" content=\"fr_FR\" \/>\n<meta property=\"og:type\" content=\"article\" \/>\n<meta property=\"og:title\" content=\"Prime - Evolux Infissi\" \/>\n<meta property=\"og:description\" content=\"EVOLUX Prime Fen\u00eatre PRIME est la premi\u00e8re fen\u00eatre qui dispara\u00eet que fait partie de la gamme EVOLUX developp\u00e9e en 2003 . Cette gamme inclut des fermetures et des fen\u00eatres \u00e0 fleur du mur et coulissantes. Son cadre en alluminium et pvc est utiliz\u00e9 comme cadre\/caisson \u00e0 fixer directement \u00e0 la ma\u00e7onnerie ou \u00e0 chaque typologie [&hellip;]\" \/>\n<meta property=\"og:url\" content=\"https:\/\/www.evolux.it\/fr\/produits\/prime\/\" \/>\n<meta property=\"og:site_name\" content=\"Evolux Infissi\" \/>\n<meta property=\"article:modified_time\" content=\"2017-01-26T16:39:55+00:00\" \/>\n<meta property=\"og:image\" content=\"http:\/\/www.evolux.it\/wp-content\/uploads\/Pdf-icona.png\" \/>\n<meta name=\"twitter:card\" content=\"summary_large_image\" \/>\n<meta name=\"twitter:label1\" content=\"Dur\u00e9e de lecture estim\u00e9e\" \/>\n\t<meta name=\"twitter:data1\" content=\"2 minutes\" \/>\n<script type=\"application\/ld+json\" class=\"yoast-schema-graph\">{\"@context\":\"https:\/\/schema.org\",\"@graph\":[{\"@type\":\"WebPage\",\"@id\":\"https:\/\/www.evolux.it\/fr\/produits\/prime\/\",\"url\":\"https:\/\/www.evolux.it\/fr\/produits\/prime\/\",\"name\":\"Prime - Evolux Infissi\",\"isPartOf\":{\"@id\":\"https:\/\/www.evolux.it\/#website\"},\"primaryImageOfPage\":{\"@id\":\"https:\/\/www.evolux.it\/fr\/produits\/prime\/#primaryimage\"},\"image\":{\"@id\":\"https:\/\/www.evolux.it\/fr\/produits\/prime\/#primaryimage\"},\"thumbnailUrl\":\"http:\/\/www.evolux.it\/wp-content\/uploads\/Pdf-icona.png\",\"datePublished\":\"2016-11-08T17:08:17+00:00\",\"dateModified\":\"2017-01-26T16:39:55+00:00\",\"breadcrumb\":{\"@id\":\"https:\/\/www.evolux.it\/fr\/produits\/prime\/#breadcrumb\"},\"inLanguage\":\"fr-FR\",\"potentialAction\":[{\"@type\":\"ReadAction\",\"target\":[\"https:\/\/www.evolux.it\/fr\/produits\/prime\/\"]}]},{\"@type\":\"ImageObject\",\"inLanguage\":\"fr-FR\",\"@id\":\"https:\/\/www.evolux.it\/fr\/produits\/prime\/#primaryimage\",\"url\":\"http:\/\/www.evolux.it\/wp-content\/uploads\/Pdf-icona.png\",\"contentUrl\":\"http:\/\/www.evolux.it\/wp-content\/uploads\/Pdf-icona.png\"},{\"@type\":\"BreadcrumbList\",\"@id\":\"https:\/\/www.evolux.it\/fr\/produits\/prime\/#breadcrumb\",\"itemListElement\":[{\"@type\":\"ListItem\",\"position\":1,\"name\":\"Home\",\"item\":\"https:\/\/www.evolux.it\/\"},{\"@type\":\"ListItem\",\"position\":2,\"name\":\"Produits\",\"item\":\"https:\/\/www.evolux.it\/fr\/produits\/\"},{\"@type\":\"ListItem\",\"position\":3,\"name\":\"Prime\"}]},{\"@type\":\"WebSite\",\"@id\":\"https:\/\/www.evolux.it\/#website\",\"url\":\"https:\/\/www.evolux.it\/\",\"name\":\"Evolux Infissi\",\"description\":\"Infissi filomuro tutto vetro\",\"potentialAction\":[{\"@type\":\"SearchAction\",\"target\":{\"@type\":\"EntryPoint\",\"urlTemplate\":\"https:\/\/www.evolux.it\/?s={search_term_string}\"},\"query-input\":\"required name=search_term_string\"}],\"inLanguage\":\"fr-FR\"}]}<\/script>\n<!-- \/ Yoast SEO plugin. -->","yoast_head_json":{"title":"Prime - Evolux Infissi","robots":{"index":"index","follow":"follow","max-snippet":"max-snippet:-1","max-image-preview":"max-image-preview:large","max-video-preview":"max-video-preview:-1"},"canonical":"https:\/\/www.evolux.it\/fr\/produits\/prime\/","og_locale":"fr_FR","og_type":"article","og_title":"Prime - Evolux Infissi","og_description":"EVOLUX Prime Fen\u00eatre PRIME est la premi\u00e8re fen\u00eatre qui dispara\u00eet que fait partie de la gamme EVOLUX developp\u00e9e en 2003 . Cette gamme inclut des fermetures et des fen\u00eatres \u00e0 fleur du mur et coulissantes. Son cadre en alluminium et pvc est utiliz\u00e9 comme cadre\/caisson \u00e0 fixer directement \u00e0 la ma\u00e7onnerie ou \u00e0 chaque typologie [&hellip;]","og_url":"https:\/\/www.evolux.it\/fr\/produits\/prime\/","og_site_name":"Evolux Infissi","article_modified_time":"2017-01-26T16:39:55+00:00","og_image":[{"url":"http:\/\/www.evolux.it\/wp-content\/uploads\/Pdf-icona.png"}],"twitter_card":"summary_large_image","twitter_misc":{"Dur\u00e9e de lecture estim\u00e9e":"2 minutes"},"schema":{"@context":"https:\/\/schema.org","@graph":[{"@type":"WebPage","@id":"https:\/\/www.evolux.it\/fr\/produits\/prime\/","url":"https:\/\/www.evolux.it\/fr\/produits\/prime\/","name":"Prime - Evolux Infissi","isPartOf":{"@id":"https:\/\/www.evolux.it\/#website"},"primaryImageOfPage":{"@id":"https:\/\/www.evolux.it\/fr\/produits\/prime\/#primaryimage"},"image":{"@id":"https:\/\/www.evolux.it\/fr\/produits\/prime\/#primaryimage"},"thumbnailUrl":"http:\/\/www.evolux.it\/wp-content\/uploads\/Pdf-icona.png","datePublished":"2016-11-08T17:08:17+00:00","dateModified":"2017-01-26T16:39:55+00:00","breadcrumb":{"@id":"https:\/\/www.evolux.it\/fr\/produits\/prime\/#breadcrumb"},"inLanguage":"fr-FR","potentialAction":[{"@type":"ReadAction","target":["https:\/\/www.evolux.it\/fr\/produits\/prime\/"]}]},{"@type":"ImageObject","inLanguage":"fr-FR","@id":"https:\/\/www.evolux.it\/fr\/produits\/prime\/#primaryimage","url":"http:\/\/www.evolux.it\/wp-content\/uploads\/Pdf-icona.png","contentUrl":"http:\/\/www.evolux.it\/wp-content\/uploads\/Pdf-icona.png"},{"@type":"BreadcrumbList","@id":"https:\/\/www.evolux.it\/fr\/produits\/prime\/#breadcrumb","itemListElement":[{"@type":"ListItem","position":1,"name":"Home","item":"https:\/\/www.evolux.it\/"},{"@type":"ListItem","position":2,"name":"Produits","item":"https:\/\/www.evolux.it\/fr\/produits\/"},{"@type":"ListItem","position":3,"name":"Prime"}]},{"@type":"WebSite","@id":"https:\/\/www.evolux.it\/#website","url":"https:\/\/www.evolux.it\/","name":"Evolux Infissi","description":"Infissi filomuro tutto vetro","potentialAction":[{"@type":"SearchAction","target":{"@type":"EntryPoint","urlTemplate":"https:\/\/www.evolux.it\/?s={search_term_string}"},"query-input":"required name=search_term_string"}],"inLanguage":"fr-FR"}]}},"_links":{"self":[{"href":"https:\/\/www.evolux.it\/fr\/wp-json\/wp\/v2\/pages\/1559","targetHints":{"allow":["GET"]}}],"collection":[{"href":"https:\/\/www.evolux.it\/fr\/wp-json\/wp\/v2\/pages"}],"about":[{"href":"https:\/\/www.evolux.it\/fr\/wp-json\/wp\/v2\/types\/page"}],"author":[{"embeddable":true,"href":"https:\/\/www.evolux.it\/fr\/wp-json\/wp\/v2\/users\/2"}],"replies":[{"embeddable":true,"href":"https:\/\/www.evolux.it\/fr\/wp-json\/wp\/v2\/comments?post=1559"}],"version-history":[{"count":6,"href":"https:\/\/www.evolux.it\/fr\/wp-json\/wp\/v2\/pages\/1559\/revisions"}],"predecessor-version":[{"id":3465,"href":"https:\/\/www.evolux.it\/fr\/wp-json\/wp\/v2\/pages\/1559\/revisions\/3465"}],"up":[{"embeddable":true,"href":"https:\/\/www.evolux.it\/fr\/wp-json\/wp\/v2\/pages\/1539"}],"wp:attachment":[{"href":"https:\/\/www.evolux.it\/fr\/wp-json\/wp\/v2\/media?parent=1559"}],"curies":[{"name":"wp","href":"https:\/\/api.w.org\/{rel}","templated":true}]}}